{"version":"1.0","provider_name":"Arboplus","provider_url":"https:\/\/www.arboplus.ca\/blog","title":"Candiac s'attaque \u00e0 l'agrile du fr\u00eane - Arboplus","type":"rich","width":600,"height":338,"html":"<blockquote class=\"wp-embedded-content\" data-secret=\"2ZdcAQpY32\"><a href=\"https:\/\/www.arboplus.ca\/blog\/nouvelles-arboricoles\/candiac-sattaque-a-lagrile-frene.html\">Candiac s&rsquo;attaque \u00e0 l&rsquo;agrile du fr\u00eane<\/a><\/blockquote><iframe sandbox=\"allow-scripts\" security=\"restricted\" src=\"https:\/\/www.arboplus.ca\/blog\/nouvelles-arboricoles\/candiac-sattaque-a-lagrile-frene.html\/embed#?secret=2ZdcAQpY32\" width=\"600\" height=\"338\" title=\"&laquo; Candiac s&rsquo;attaque \u00e0 l&rsquo;agrile du fr\u00eane &raquo; &#8212; Arboplus\" data-secret=\"2ZdcAQpY32\" frameborder=\"0\" marginwidth=\"0\" marginheight=\"0\" scrolling=\"no\" class=\"wp-embedded-content\"><\/iframe><script type=\"text\/javascript\">\n\/* <![CDATA[ *\/\n\/*! This file is auto-generated *\/\n!function(d,l){\"use strict\";l.querySelector&&d.addEventListener&&\"undefined\"!=typeof URL&&(d.wp=d.wp||{},d.wp.receiveEmbedMessage||(d.wp.receiveEmbedMessage=function(e){var t=e.data;if((t||t.secret||t.message||t.value)&&!\/[^a-zA-Z0-9]\/.test(t.secret)){for(var s,r,n,a=l.querySelectorAll('iframe[data-secret=\"'+t.secret+'\"]'),o=l.querySelectorAll('blockquote[data-secret=\"'+t.secret+'\"]'),c=new RegExp(\"^https?:$\",\"i\"),i=0;i<o.length;i++)o[i].style.display=\"none\";for(i=0;i<a.length;i++)s=a[i],e.source===s.contentWindow&&(s.removeAttribute(\"style\"),\"height\"===t.message?(1e3<(r=parseInt(t.value,10))?r=1e3:~~r<200&&(r=200),s.height=r):\"link\"===t.message&&(r=new URL(s.getAttribute(\"src\")),n=new URL(t.value),c.test(n.protocol))&&n.host===r.host&&l.activeElement===s&&(d.top.location.href=t.value))}},d.addEventListener(\"message\",d.wp.receiveEmbedMessage,!1),l.addEventListener(\"DOMContentLoaded\",function(){for(var e,t,s=l.querySelectorAll(\"iframe.wp-embedded-content\"),r=0;r<s.length;r++)(t=(e=s[r]).getAttribute(\"data-secret\"))||(t=Math.random().toString(36).substring(2,12),e.src+=\"#?secret=\"+t,e.setAttribute(\"data-secret\",t)),e.contentWindow.postMessage({message:\"ready\",secret:t},\"*\")},!1)))}(window,document);\n\/* ]]> *\/\n<\/script>\n","thumbnail_url":"https:\/\/www.arboplus.ca\/blog\/wp-content\/uploads\/2016\/04\/candiac-sattaque-a-lagrile-frene.jpg","thumbnail_width":1350,"thumbnail_height":760,"description":"Devant l&rsquo;urgence d&rsquo;agir pour sauver les milliers de fr\u00eanes sur son territoire, la Ville de Candiac lance une campagne de sensibilisation sur les effets d\u00e9vastateurs de l&rsquo;agrile du fr\u00eane, dont les premi\u00e8res traces sont apparues dans la municipalit\u00e9 en 2013. Selon Hugo Laperle, arboriculteur engag\u00e9 par la Ville en septembre, la p\u00e9riode de mortalit\u00e9 des arbres d\u00e9bute trois ans apr\u00e8s que la pr\u00e9sence de l&rsquo;insecte... Lire l'article"}